{"id":3,"date":"2021-04-09T15:00:17","date_gmt":"2021-04-09T13:00:17","guid":{"rendered":"https:\/\/www.helvetic-payroll.ch\/?page_id=3"},"modified":"2025-04-03T14:06:12","modified_gmt":"2025-04-03T12:06:12","slug":"politique-de-confidentialite","status":"publish","type":"page","link":"https:\/\/www.helvetic-payroll.ch\/fr\/politique-de-confidentialite\/","title":{"rendered":"Politique de confidentialit\u00e9"},"content":{"rendered":"\n<p><em>Page mise \u00e0 jour le 03.04.2025<\/em><\/p>\n\n\n\n<h2 class=\"wp-block-heading\">PREAMBULE<\/h2>\n\n\n\n<p>La pr\u00e9sente D\u00e9claration de confidentialit\u00e9 (ci-apr\u00e8s \u00ab&nbsp;D\u00e9claration&nbsp;\u00bb) vise \u00e0 vous informer sur la mani\u00e8re dont Helvetic Payroll, situ\u00e9e Rue de la R\u00f4tisserie 2, 1204 \u00e0 Gen\u00e8ve, en tant que responsable de traitement, traite vos donn\u00e9es personnelles dans les sc\u00e9narios suivants&nbsp;:<\/p>\n\n\n\n<ul class=\"wp-block-list\">\n<li>Lorsque vous naviguez sur notre site internet www. helvetic-payroll.ch ;<\/li>\n\n\n\n<li>Lorsque vous \u00eates une entreprise cliente de Helvetic Payroll et\/ou d\u2019une de ses succursales et\u00a0;<\/li>\n\n\n\n<li>Lorsque vous postulez chez Helvetic Payroll et\/ou \u00e0 l\u2019une de ses succursales.<\/li>\n<\/ul>\n\n\n\n<p>En produisant des effets&nbsp;en Suisse et en Europe,&nbsp;Helvetic Payroll&nbsp;se conforme \u00e0&nbsp;\u00e0 la loi f\u00e9d\u00e9rale sur la protection des donn\u00e9es (LPD), ainsi qu\u2019au r\u00e8glement g\u00e9n\u00e9ral sur la protection des donn\u00e9es (RGPD).&nbsp;<\/p>\n\n\n\n<p>En acc\u00e9dant au pr\u00e9sent site internet, en contractant avec nous ou en postulant, vous reconnaissez avoir lu, compris et accept\u00e9 d\u2019\u00eatre sujet aux conditions pr\u00e9vues par la pr\u00e9sente D\u00e9claration.<\/p>\n\n\n\n<h2 class=\"wp-block-heading\"><strong>D\u00c9FINITIONS<\/strong><\/h2>\n\n\n\n<p><strong>Donn\u00e9es personnelles\u00a0:<\/strong> toutes les informations concernant une personne physique identifi\u00e9e ou identifiable.\u00a0<\/p>\n\n\n\n<p><strong>Traitement\u00a0:<\/strong> toute op\u00e9ration relative \u00e0 des donn\u00e9es personnelles, quels que soient les moyens et proc\u00e9d\u00e9s utilis\u00e9s, notamment la collecte, l\u2019enregistrement, la conservation, l\u2019utilisation, la modification, la communication, l\u2019archivage, l\u2019effacement ou la destruction de donn\u00e9es.<\/p>\n\n\n\n<p><strong>Responsable de traitement\u00a0:<\/strong> la personne priv\u00e9e, la personne publique ou l\u2019organe f\u00e9d\u00e9ral qui, seul ou conjointement avec d\u2019autres, d\u00e9termine les finalit\u00e9s et les moyens du traitement de donn\u00e9es personnelles.<\/p>\n\n\n\n<p><strong>Sous-traitant\u00a0:<\/strong> la personne priv\u00e9e, la personne publique l\u2019organe f\u00e9d\u00e9ral qui traite des donn\u00e9es personnelles pour le compte du responsable de traitement.\u00a0<\/p>\n\n\n\n<p><strong>Violation de la s\u00e9curit\u00e9 des donn\u00e9es\u00a0:<\/strong> toute violation de la s\u00e9curit\u00e9 entra\u00eenant de mani\u00e8re accidentelle ou illicite la perte de donn\u00e9es personnelles, leur modification, leur effacement ou leur destruction, leur divulgation ou un acc\u00e8s non autoris\u00e9 \u00e0 ces donn\u00e9es.<\/p>\n\n\n\n<h2 class=\"wp-block-heading\">LORSQUE VOUS NAVIGUEZ SUR NOTRE SITE INTERNET<\/h2>\n\n\n\n<h3 class=\"wp-block-heading\">DONN\u00c9ES PERSONNELLES TRAIT\u00c9ES <\/h3>\n\n\n\n<h4 class=\"wp-block-heading\">DONN\u00c9ES DE NAVIGATION<\/h4>\n\n\n\n<p>Lors de votre navigation sur notre site internet, nous sommes amen\u00e9s \u00e0 collecter les informations suivantes vous concernant&nbsp;:&nbsp;<\/p>\n\n\n\n<ul class=\"wp-block-list\">\n<li>Votre adresse IP\u00a0;<\/li>\n\n\n\n<li>La date et l\u2019heure de votre visite\u00a0;<\/li>\n\n\n\n<li>Le navigateur utilis\u00e9\u00a0;<\/li>\n\n\n\n<li>La marque de l\u2019\u00e9quipement que vous utilisez pour vous connecter.<\/li>\n<\/ul>\n\n\n\n<p>Ces donn\u00e9es sont utilis\u00e9es pour poursuivre nos int\u00e9r\u00eats l\u00e9gitimes \u00e0 savoir garantir le bon fonctionnement et la s\u00e9curit\u00e9 de notre site internet, ce qui inclut la surveillance de son utilisation ainsi que l\u2019analyse des \u00e9ventuelles plaintes que nous pourrions recevoir, de votre part ou de tierces personnes.<\/p>\n\n\n\n<p>Ces donn\u00e9es sont conserv\u00e9es 2 ans \u00e0 compter de leur collecte. <\/p>\n\n\n\n<h4 class=\"wp-block-heading\">DONN\u00c9ES DE CONTACT <\/h4>\n\n\n\n<p>De plus, lorsque vous r\u00e9alisez une demande de contact en compl\u00e9tant nos formulaires d\u00e9di\u00e9s, nous collectons, avec votre consentement, les informations suivantes&nbsp;:&nbsp;<\/p>\n\n\n\n<ul class=\"wp-block-list\">\n<li>Votre nom et pr\u00e9nom\u00a0;<\/li>\n\n\n\n<li>Votre adresse \u00e9lectronique\u00a0;<\/li>\n\n\n\n<li>Votre num\u00e9ro de t\u00e9l\u00e9phone.<\/li>\n<\/ul>\n\n\n\n<p>Ces informations sont trait\u00e9es dans l\u2019unique objectif de r\u00e9pondre \u00e0 votre demande. Elles sont conserv\u00e9es 12 mois \u00e0 partir de l\u2019envoi du formulaire.&nbsp;<\/p>\n\n\n\n<h4 class=\"wp-block-heading\">DONN\u00c9ES PROVENANT D&rsquo;UN R\u00c9SEAU SOCIAL <\/h4>\n\n\n\n<p>Lorsque vous autorisez un r\u00e9seau social tiers (comme Facebook, X, LinkedIn, YouTube, etc.) \u00e0 partager avec nous, nous pouvons recevoir toute donn\u00e9e que vous partagez publiquement sur ce r\u00e9seau social et les donn\u00e9es faisant partie de votre profil. Il peut s\u2019agir des donn\u00e9es de base relatives \u00e0 votre compte (par exemple, nom, adresse \u00e9lectronique, sexe, date de naissance, ville de r\u00e9sidence, photo de profil, identifiant d\u2019utilisateur, liste d\u2019amis, etc.) et de toute autre information ou activit\u00e9 que vous autorisez le r\u00e9seau social tiers \u00e0 partager.<\/p>\n\n\n\n<p>Pour en savoir plus sur la fa\u00e7on dont nous recevons des donn\u00e9es vous concernant \u00e0 partir des r\u00e9seaux sociaux tiers ou pour cesser de partager vos donn\u00e9es sur ces r\u00e9seaux sociaux, nous vous invitons \u00e0 consulter les conditions d\u2019utilisation de ces r\u00e9seaux sociaux.<\/p>\n\n\n\n<h3 class=\"wp-block-heading\">COOKIES<\/h3>\n\n\n\n<p>Lorsque vous consultez notre site internet, des donn\u00e9es peuvent \u00eatre stock\u00e9es dans votre navigateur ou r\u00e9cup\u00e9r\u00e9es \u00e0 partir de celui-ci, g\u00e9n\u00e9ralement sous la forme de cookies.&nbsp;<\/p>\n\n\n\n<p>Vous pouvez g\u00e9rer vos pr\u00e9f\u00e9rences en mati\u00e8re de cookies \u00e0 tout moment via les param\u00e8tres de votre navigateur ou notre outil de gestion des cookies disponible sur notre site.<\/p>\n\n\n\n<p>Nous vous informons qu\u2019en naviguant sur notre site internet, les types de cookies suivants sont utilis\u00e9s\u00a0:<\/p>\n\n\n\n<h4 class=\"wp-block-heading\">COOKIES N\u00c9CESSAIRES<\/h4>\n\n\n\n<p>Ces cookies sont essentiels au fonctionnement du site web et ne peuvent pas \u00eatre d\u00e9sactiv\u00e9s dans nos syst\u00e8mes. Ils sont g\u00e9n\u00e9ralement \u00e9tablis en tant que r\u00e9ponse \u00e0 des actions que vous avez effectu\u00e9es et qui constituent une demande de services, telles que la connexion ou le remplissage de formulaires.\u00a0<\/p>\n\n\n\n<h4 class=\"wp-block-heading\">COOKIES DE SUIVI MARKETING<\/h4>\n\n\n\n<p>Ces cookies sont utilis\u00e9s pour suivre les interactions des visiteurs et permettre la personnalisation. Si vous n&rsquo;autorisez pas ces cookies, certains ou tous ces services peuvent ne pas fonctionner correctement.<\/p>\n\n\n\n<p>Nous recourons \u00e0 la solution HubSpot qui traite les donn\u00e9es suivantes vous concernant&nbsp;: pages visit\u00e9es, donn\u00e9es des formulaires soumis, clics sur des boutons.<\/p>\n\n\n\n<p>Ces donn\u00e9es sont conserv\u00e9es jusqu\u2019\u00e0 13 mois \u00e0 partir de leur collecte.<\/p>\n\n\n\n<h4 class=\"wp-block-heading\">COOKIES ANALYTIQUES<\/h4>\n\n\n\n<p>Ces cookies nous permettent de suivre les interactions des visiteurs sur le site web et de mesurer les performances des campagnes r\u00e9alis\u00e9es.<\/p>\n\n\n\n<p>Pour ce faire, nous utilisons Google Analytics 4 (GA4) qui traite les donn\u00e9es suivantes vous concernant&nbsp;: navigateur utilis\u00e9, localisation approximative (r\u00e9gion), pages visit\u00e9s, dur\u00e9e de session et votre parcours utilisateur.&nbsp;<\/p>\n\n\n\n<p>Nous pr\u00e9cisons que les donn\u00e9es collect\u00e9es sont anonymis\u00e9es de sorte qu\u2019elles ne permettent pas de vous identifier ou de vous rendre identifiable.<\/p>\n\n\n\n<p>Ces donn\u00e9es sont conserv\u00e9es jusqu\u2019\u00e0 14 mois \u00e0 partir de leur collecte. <\/p>\n\n\n\n<h4 class=\"wp-block-heading\">COOKIES PUBLICITAIRES<\/h4>\n\n\n\n<p>Ces cookies permettent de mesurer les conversions, d\u2019optimiser les campagnes et de recibler les visiteurs.<\/p>\n\n\n\n<p>D\u00e9pos\u00e9s via Google Ads, Meta et LinkedIn, les donn\u00e9es collect\u00e9es par ces outils sont les suivantes&nbsp;: identifiants.<\/p>\n\n\n\n<p>Ces donn\u00e9es sont conserv\u00e9es jusqu\u2019\u00e0 90 jours \u00e0 partir de leur collecte. <\/p>\n\n\n\n<h2 class=\"wp-block-heading\">TRAITEMENT DE VOS DONN\u00c9ES PROFESSIONNELLES<\/h2>\n\n\n\n<p>Le principal traitement r\u00e9alis\u00e9 sur les donn\u00e9es professionnelles est le suivant\u00a0:<\/p>\n\n\n\n<ul class=\"wp-block-list\">\n<li>\u00c9changes avec nos \u00e9quipes en internes lorsque vous prenez contact avec nous ;<\/li>\n\n\n\n<li>Cr\u00e9ation et ex\u00e9cution des contrats de location services<\/li>\n<\/ul>\n\n\n\n<h3 class=\"wp-block-heading\">DONN\u00c9ES TRAIT\u00c9ES <\/h3>\n\n\n\n<p>En prenant contact avec nous, les donn\u00e9es professionnelles trait\u00e9es sont les suivantes\u00a0:<\/p>\n\n\n\n<figure class=\"wp-block-table\"><table class=\"has-fixed-layout\"><tbody><tr><td><strong>Cat\u00e9gories de donn\u00e9es<\/strong><\/td><td><strong>El\u00e9ments de donn\u00e9es<\/strong><\/td><\/tr><tr><td>Identit\u00e9<\/td><td>Nom, pr\u00e9nom<\/td><\/tr><tr><td>Contact<\/td><td>Num\u00e9ro de t\u00e9l\u00e9phone professionnel, adresse e-mail professionnelle.<\/td><\/tr><\/tbody><\/table><\/figure>\n\n\n\n<h3 class=\"wp-block-heading\">DUR\u00c9E DE CONSERVATION DE VOS DONN\u00c9ES PROFESSIONNELLES <\/h3>\n\n\n\n<p>Selon cas de figure :<\/p>\n\n\n\n<ul class=\"wp-block-list\">\n<li>Lorsque vous prenez contact avec nous sans devenir client, nous conservons les donn\u00e9es aff\u00e9rentes 3 mois selon le d\u00e9lai de prescription. <\/li>\n\n\n\n<li>A l\u2019issue du contrat de service conclu avec nos clients, nous conservons les donn\u00e9es aff\u00e9rentes dix ans selon le d\u00e9lai de prescription.<\/li>\n<\/ul>\n\n\n\n<h2 class=\"wp-block-heading\">TRAITEMENT DE VOS DONN\u00c9ES DANS LE CADRE D&rsquo;UNE CANDIDATURE<\/h2>\n\n\n\n<p>Lorsque vous candidatez chez Helvetic Payroll : lorsque vous candidatez \u00e0 un emploi, un stage, ou soumettez une candidature spontan\u00e9e afin de rejoindre notre \u00e9quipe, nous recueillons et traitons vos donn\u00e9es personnelles dans le cadre du processus de recrutement.<\/p>\n\n\n\n<h3 class=\"wp-block-heading\">DONN\u00c9ES TRAIT\u00c9ES <\/h3>\n\n\n\n<p>Sur la base de la conclusion d\u2019un \u00e9ventuel contrat de travail ou de stage, nous traitons les informations suivantes des candidats&nbsp;:<\/p>\n\n\n\n<figure class=\"wp-block-table\"><table class=\"has-fixed-layout\"><tbody><tr><td><strong>Cat\u00e9gories de donn\u00e9es<\/strong><\/td><td><strong>El\u00e9ments de donn\u00e9es<\/strong><\/td><\/tr><tr><td>Identit\u00e9<\/td><td>Nom, pr\u00e9nom<\/td><\/tr><tr><td>Contact<\/td><td>Num\u00e9ro de t\u00e9l\u00e9phone, adresse mail, adresse postale.<\/td><\/tr><tr><td>Professionnelle<\/td><td>CV<\/td><\/tr><\/tbody><\/table><\/figure>\n\n\n\n<h3 class=\"wp-block-heading\">DUR\u00c9E DE CONSERVATION DE VOS DONN\u00c9ES PERSONNELLES <\/h3>\n\n\n\n<p>Si votre candidature est retenue, nous conservons vos donn\u00e9es personnelles pour la dur\u00e9e du contrat de travail ou de stage, prolong\u00e9e des d\u00e9lais de prescriptions applicables.&nbsp;<\/p>\n\n\n\n<h2 class=\"wp-block-heading\">CAT\u00c9GORIES DE DESTINATAIRES<\/h2>\n\n\n\n<h3 class=\"wp-block-heading\">SOUS-TRAITANCE<\/h3>\n\n\n\n<p>Pour r\u00e9aliser nos activit\u00e9s, nous faisons appel \u00e0 des sous-traitants notamment par l\u2019utilisation d\u2019outils informatiques h\u00e9berg\u00e9s par nos sous-traitants (solutions SaaS).&nbsp;<\/p>\n\n\n\n<p>Ces outils informatiques nous permettent, entres autres, de r\u00e9aliser la gestion de la comptabilit\u00e9, du temps de travail, des absences, la gestion de nos syst\u00e8mes d\u2019information, l\u2019exploitation d\u2019outils bureautiques ou encore l\u2019h\u00e9bergement de notre site internet.<\/p>\n\n\n\n<p>Lorsque nous faisons appel \u00e0 des sous-traitants, nous assurons contractuellement que ceux-ci appliquent des mesures de s\u00e9curit\u00e9 techniques et organisationnelles au moins \u00e9quivalentes \u00e0 celles que nous mettons en place pour garantir la s\u00e9curit\u00e9 des donn\u00e9es personnelles sous-trait\u00e9es.<\/p>\n\n\n\n<h3 class=\"wp-block-heading\">TRANSMISSION \u00c0 DES TIERS<\/h3>\n\n\n\n<p>Nous transmettons certaines donn\u00e9es personnelles \u00e0 des destinataires, c\u2019est-\u00e0-dire des personnes physiques ou morales habilit\u00e9es \u00e0 obtenir communication de donn\u00e9es en raison de leurs fonctions.\u00a0<\/p>\n\n\n\n<p>Ainsi, nous transmettons vos informations aux destinataires suivants\u00a0:<\/p>\n\n\n\n<ul class=\"wp-block-list\">\n<li>Autorit\u00e9s fiscales\u00a0;<\/li>\n\n\n\n<li>Banques\u00a0;<\/li>\n\n\n\n<li>Assurances\u00a0;<\/li>\n\n\n\n<li>Organe de contr\u00f4le\u00a0;\u00a0<\/li>\n\n\n\n<li>Administrations cantonales (ex. OCPM) ;<\/li>\n\n\n\n<li>Maison-m\u00e8re (Freelance.com).<\/li>\n<\/ul>\n\n\n\n<p>Nous pouvons \u00e9galement transmettre vos donn\u00e9es \u00e0 des tiers si la loi ou la demande d\u2019une autorit\u00e9 judiciaire ou administrative l\u2019exige, pour prot\u00e9ger nos droits ou nos int\u00e9r\u00eats.&nbsp;<\/p>\n\n\n\n<h2 class=\"wp-block-heading\">S\u00c9CURIT\u00c9 ET CONFIDENTIALIT\u00c9 DES DONN\u00c9ES<\/h2>\n\n\n\n<p>Nous avons mis en place des mesures ad\u00e9quates de s\u00e9curit\u00e9 (d\u2019ordre technique et organisationnel) conformes aux exigences l\u00e9gales et aux r\u00e8gles de l\u2019art compte tenu des risques encourus pour prot\u00e9ger vos donn\u00e9es contre toute manipulation accidentelle ou intentionnelle, perte, destruction, communication ou contre tout acc\u00e8s non autoris\u00e9.<\/p>\n\n\n\n<h2 class=\"wp-block-heading\">COMMUNICATION \u00c0 L&rsquo;\u00c9TRANGER <\/h2>\n\n\n\n<p>Nous traitons vos donn\u00e9es personnelles principalement en Suisse et en France, pays disposant d\u2019un niveau de s\u00e9curit\u00e9 ad\u00e9quat par d\u00e9cision du Conseil f\u00e9d\u00e9ral.<\/p>\n\n\n\n<p>Vos donn\u00e9es peuvent \u00e9galement faire l\u2019objet d\u2019un traitement en Europe ou aux Etats-Unis.<\/p>\n\n\n\n<p>Ces communications \u00e0 l\u2019\u00e9tranger sont encadr\u00e9es par une des garanties pr\u00e9vues \u00e0 l\u2019art. 16 al. 2 de la LPD et l\u2019art. 46 al.2 du RGPD, assurant ainsi la s\u00e9curit\u00e9 de vos donn\u00e9es personnelles. Notamment, pour les pays ne disposant pas d\u2019un niveau de s\u00e9curit\u00e9 ad\u00e9quat, ces communications sont encadr\u00e9es par des clauses contractuelles types reconnues par les autorit\u00e9s suisses et europ\u00e9ennes.<\/p>\n\n\n\n<h2 class=\"wp-block-heading\">VOS DROITS<\/h2>\n\n\n\n<p>En tant que personne concern\u00e9e par le traitement de vos donn\u00e9es personnelles, vous disposez des droits suivants&nbsp;:<\/p>\n\n\n\n<ul class=\"wp-block-list\">\n<li><strong>Droit d\u2019acc\u00e8s\u00a0:<\/strong> le droit d\u2019obtenir du responsable de traitement l\u2019acc\u00e8s \u00e0 ses donn\u00e9es personnelles.<\/li>\n\n\n\n<li><strong>Droit de rectification\u00a0:<\/strong> le droit d\u2019obtenir du responsable de traitement la rectification de ses donn\u00e9es personnelles inexactes.<\/li>\n\n\n\n<li><strong>Droit \u00e0 la remise ou \u00e0 la transmission\u00a0(droit \u00e0 la portabilit\u00e9)\u00a0:<\/strong> le droit de recevoir, dans un format \u00e9lectronique couramment utilis\u00e9, vos donn\u00e9es personnelles et de demander la transmission de ces donn\u00e9es personnelles \u00e0 un autre responsable de traitement.<\/li>\n\n\n\n<li><strong>Droit d\u2019opposition\u00a0:<\/strong> le droit de s\u2019opposer \u00e0 un traitement de donn\u00e9es personnelles.<\/li>\n\n\n\n<li><strong>Droit \u00e0 la limitation\u00a0:<\/strong> le droit de limiter temporairement le traitement de ses donn\u00e9es personnelles.<\/li>\n\n\n\n<li><strong>Droit d\u2019effacement\u00a0:<\/strong> le droit d\u2019obtenir du responsable de traitement l\u2019effacement de ses donn\u00e9es personnelles.<\/li>\n<\/ul>\n\n\n\n<p>Ces droits sont assortis de conditions et restrictions. Nous nous r\u00e9servons le droit de les faire valoir en accord avec la loi.<\/p>\n\n\n\n<p>Pour exercer vos droits, veuillez nous contacter aux coordonn\u00e9es indiqu\u00e9es au paragraphe \u00ab\u00a0Contact\u00a0\u00bb ci-apr\u00e8s.\u00a0<\/p>\n\n\n\n<h2 class=\"wp-block-heading\">CONTACT<\/h2>\n\n\n\n<p>Pour toute question relative \u00e0 la pr\u00e9sente D\u00e9claration, aux traitements de donn\u00e9es personnelles que nous r\u00e9alisons ou pour exercer vos droits individuels, veuillez nous contacter \u00e0 l\u2019adresse suivante&nbsp;:<\/p>\n\n\n\n<h3 class=\"wp-block-heading\">PAR VOIE \u00c9LECTRONIQUE<\/h3>\n\n\n\n<p><span \n                data-original-string='Q9Fv\/XckrGKZ7b+LGV9nxA==4f4EQcuingU\/Gr1ni8X9lD3FX2PmbX7zQWLdUmhVwFicAA='\n                class='apbct-email-encoder'\n                title='This contact has been encoded by Anti-Spam by CleanTalk. Click to decode. To finish the decoding make sure that JavaScript is enabled in your browser.'>pr<span class=\"apbct-blur\">*****<\/span>@<span class=\"apbct-blur\">**************<\/span>ll.ch<\/span><\/p>\n\n\n\n<h3 class=\"wp-block-heading\">PAR VOIE POSTALE<\/h3>\n\n\n\n<p>Helvetic Payroll<br>Rue de la R\u00f4tisserie 2<br>CH-1204 Geneva<\/p>\n\n\n\n<h2 class=\"wp-block-heading\">MISE \u00c0 JOUR<\/h2>\n\n\n\n<p>Cette D\u00e9claration peut \u00eatre modifi\u00e9e en fonction des \u00e9volutions l\u00e9gales, op\u00e9rationnelles et strat\u00e9giques. Toute mise \u00e0 jour sera consultable sur cette m\u00eame page.<\/p>\n\n\n\n<h2 class=\"wp-block-heading\">MENTIONS L\u00c9GALES<\/h2>\n\n\n\n<p>En compl\u00e9ment, d\u00e9couvrez \u00e9galement nos <a href=\"https:\/\/www.helvetic-payroll.ch\/fr\/mentions-legales\/\">Mentions l\u00e9gales<\/a>.<\/p>\n","protected":false},"excerpt":{"rendered":"<p>Page mise \u00e0 jour le 03.04.2025 PREAMBULE La pr\u00e9sente D\u00e9claration de confidentialit\u00e9 (ci-apr\u00e8s \u00ab&nbsp;D\u00e9claration&nbsp;\u00bb) vise \u00e0 vous informer sur la mani\u00e8re dont Helvetic Payroll, situ\u00e9e Rue de la R\u00f4tisserie 2, 1204 \u00e0 Gen\u00e8ve, en tant que responsable de traitement, traite vos donn\u00e9es personnelles dans les sc\u00e9narios suivants&nbsp;: En produisant des effets&nbsp;en Suisse et en Europe,&nbsp;Helvetic [&hellip;]<\/p>\n","protected":false},"author":16,"featured_media":0,"parent":0,"menu_order":0,"comment_status":"closed","ping_status":"closed","template":"","meta":{"inline_featured_image":false,"footnotes":""},"class_list":["post-3","page","type-page","status-publish","hentry"],"acf":[],"yoast_head":"<!-- This site is optimized with the Yoast SEO plugin v27.5 - https:\/\/yoast.com\/product\/yoast-seo-wordpress\/ -->\n<title>Politique de confidentialit\u00e9 - Helvetic Payroll<\/title>\n<meta name=\"description\" content=\"D\u00e9couvrez comment Helvetic Payroll prot\u00e8ge vos donn\u00e9es personnelles. Consultez notre politique de confidentialit\u00e9 pour en savoir plus sur la collecte, l&#039;utilisation et la s\u00e9curisation de vos informations.\" \/>\n<meta name=\"robots\" content=\"noindex, nofollow\" \/>\n<meta property=\"og:locale\" content=\"fr_FR\" \/>\n<meta property=\"og:type\" content=\"article\" \/>\n<meta property=\"og:title\" content=\"Politique de confidentialit\u00e9 - Helvetic Payroll\" \/>\n<meta property=\"og:description\" content=\"D\u00e9couvrez comment Helvetic Payroll prot\u00e8ge vos donn\u00e9es personnelles. Consultez notre politique de confidentialit\u00e9 pour en savoir plus sur la collecte, l&#039;utilisation et la s\u00e9curisation de vos informations.\" \/>\n<meta property=\"og:url\" content=\"https:\/\/www.helvetic-payroll.ch\/fr\/politique-de-confidentialite\/\" \/>\n<meta property=\"og:site_name\" content=\"Helvetic Payroll\" \/>\n<meta property=\"article:publisher\" content=\"https:\/\/www.facebook.com\/HelveticPayroll\" \/>\n<meta property=\"article:modified_time\" content=\"2025-04-03T12:06:12+00:00\" \/>\n<meta name=\"twitter:card\" content=\"summary_large_image\" \/>\n<meta name=\"twitter:site\" content=\"@HelveticPayroll\" \/>\n<meta name=\"twitter:label1\" content=\"Dur\u00e9e de lecture estim\u00e9e\" \/>\n\t<meta name=\"twitter:data1\" content=\"9 minutes\" \/>\n<script type=\"application\/ld+json\" class=\"yoast-schema-graph\">{\"@context\":\"https:\\\/\\\/schema.org\",\"@graph\":[{\"@type\":\"WebPage\",\"@id\":\"https:\\\/\\\/www.helvetic-payroll.ch\\\/fr\\\/politique-de-confidentialite\\\/\",\"url\":\"https:\\\/\\\/www.helvetic-payroll.ch\\\/fr\\\/politique-de-confidentialite\\\/\",\"name\":\"Politique de confidentialit\u00e9 - Helvetic Payroll\",\"isPartOf\":{\"@id\":\"https:\\\/\\\/www.helvetic-payroll.ch\\\/fr\\\/#website\"},\"datePublished\":\"2021-04-09T13:00:17+00:00\",\"dateModified\":\"2025-04-03T12:06:12+00:00\",\"description\":\"D\u00e9couvrez comment Helvetic Payroll prot\u00e8ge vos donn\u00e9es personnelles. Consultez notre politique de confidentialit\u00e9 pour en savoir plus sur la collecte, l'utilisation et la s\u00e9curisation de vos informations.\",\"inLanguage\":\"fr-FR\",\"potentialAction\":[{\"@type\":\"ReadAction\",\"target\":[\"https:\\\/\\\/www.helvetic-payroll.ch\\\/fr\\\/politique-de-confidentialite\\\/\"]}]},{\"@type\":\"WebSite\",\"@id\":\"https:\\\/\\\/www.helvetic-payroll.ch\\\/fr\\\/#website\",\"url\":\"https:\\\/\\\/www.helvetic-payroll.ch\\\/fr\\\/\",\"name\":\"Helvetic Payroll\",\"description\":\"\",\"publisher\":{\"@id\":\"https:\\\/\\\/www.helvetic-payroll.ch\\\/fr\\\/#organization\"},\"potentialAction\":[{\"@type\":\"SearchAction\",\"target\":{\"@type\":\"EntryPoint\",\"urlTemplate\":\"https:\\\/\\\/www.helvetic-payroll.ch\\\/fr\\\/?s={search_term_string}\"},\"query-input\":{\"@type\":\"PropertyValueSpecification\",\"valueRequired\":true,\"valueName\":\"search_term_string\"}}],\"inLanguage\":\"fr-FR\"},{\"@type\":\"Organization\",\"@id\":\"https:\\\/\\\/www.helvetic-payroll.ch\\\/fr\\\/#organization\",\"name\":\"Helvetic Payroll\",\"url\":\"https:\\\/\\\/www.helvetic-payroll.ch\\\/fr\\\/\",\"logo\":{\"@type\":\"ImageObject\",\"inLanguage\":\"fr-FR\",\"@id\":\"https:\\\/\\\/www.helvetic-payroll.ch\\\/fr\\\/#\\\/schema\\\/logo\\\/image\\\/\",\"url\":\"https:\\\/\\\/www.helvetic-payroll.ch\\\/wp-content\\\/uploads\\\/2025\\\/07\\\/HP-Logo-couleur-scaled.png\",\"contentUrl\":\"https:\\\/\\\/www.helvetic-payroll.ch\\\/wp-content\\\/uploads\\\/2025\\\/07\\\/HP-Logo-couleur-scaled.png\",\"width\":2560,\"height\":1204,\"caption\":\"Helvetic Payroll\"},\"image\":{\"@id\":\"https:\\\/\\\/www.helvetic-payroll.ch\\\/fr\\\/#\\\/schema\\\/logo\\\/image\\\/\"},\"sameAs\":[\"https:\\\/\\\/www.facebook.com\\\/HelveticPayroll\",\"https:\\\/\\\/x.com\\\/HelveticPayroll\"]}]}<\/script>\n<!-- \/ Yoast SEO plugin. -->","yoast_head_json":{"title":"Politique de confidentialit\u00e9 - Helvetic Payroll","description":"D\u00e9couvrez comment Helvetic Payroll prot\u00e8ge vos donn\u00e9es personnelles. Consultez notre politique de confidentialit\u00e9 pour en savoir plus sur la collecte, l'utilisation et la s\u00e9curisation de vos informations.","robots":{"index":"noindex","follow":"nofollow"},"og_locale":"fr_FR","og_type":"article","og_title":"Politique de confidentialit\u00e9 - Helvetic Payroll","og_description":"D\u00e9couvrez comment Helvetic Payroll prot\u00e8ge vos donn\u00e9es personnelles. Consultez notre politique de confidentialit\u00e9 pour en savoir plus sur la collecte, l'utilisation et la s\u00e9curisation de vos informations.","og_url":"https:\/\/www.helvetic-payroll.ch\/fr\/politique-de-confidentialite\/","og_site_name":"Helvetic Payroll","article_publisher":"https:\/\/www.facebook.com\/HelveticPayroll","article_modified_time":"2025-04-03T12:06:12+00:00","twitter_card":"summary_large_image","twitter_site":"@HelveticPayroll","twitter_misc":{"Dur\u00e9e de lecture estim\u00e9e":"9 minutes"},"schema":{"@context":"https:\/\/schema.org","@graph":[{"@type":"WebPage","@id":"https:\/\/www.helvetic-payroll.ch\/fr\/politique-de-confidentialite\/","url":"https:\/\/www.helvetic-payroll.ch\/fr\/politique-de-confidentialite\/","name":"Politique de confidentialit\u00e9 - Helvetic Payroll","isPartOf":{"@id":"https:\/\/www.helvetic-payroll.ch\/fr\/#website"},"datePublished":"2021-04-09T13:00:17+00:00","dateModified":"2025-04-03T12:06:12+00:00","description":"D\u00e9couvrez comment Helvetic Payroll prot\u00e8ge vos donn\u00e9es personnelles. Consultez notre politique de confidentialit\u00e9 pour en savoir plus sur la collecte, l'utilisation et la s\u00e9curisation de vos informations.","inLanguage":"fr-FR","potentialAction":[{"@type":"ReadAction","target":["https:\/\/www.helvetic-payroll.ch\/fr\/politique-de-confidentialite\/"]}]},{"@type":"WebSite","@id":"https:\/\/www.helvetic-payroll.ch\/fr\/#website","url":"https:\/\/www.helvetic-payroll.ch\/fr\/","name":"Helvetic Payroll","description":"","publisher":{"@id":"https:\/\/www.helvetic-payroll.ch\/fr\/#organization"},"potentialAction":[{"@type":"SearchAction","target":{"@type":"EntryPoint","urlTemplate":"https:\/\/www.helvetic-payroll.ch\/fr\/?s={search_term_string}"},"query-input":{"@type":"PropertyValueSpecification","valueRequired":true,"valueName":"search_term_string"}}],"inLanguage":"fr-FR"},{"@type":"Organization","@id":"https:\/\/www.helvetic-payroll.ch\/fr\/#organization","name":"Helvetic Payroll","url":"https:\/\/www.helvetic-payroll.ch\/fr\/","logo":{"@type":"ImageObject","inLanguage":"fr-FR","@id":"https:\/\/www.helvetic-payroll.ch\/fr\/#\/schema\/logo\/image\/","url":"https:\/\/www.helvetic-payroll.ch\/wp-content\/uploads\/2025\/07\/HP-Logo-couleur-scaled.png","contentUrl":"https:\/\/www.helvetic-payroll.ch\/wp-content\/uploads\/2025\/07\/HP-Logo-couleur-scaled.png","width":2560,"height":1204,"caption":"Helvetic Payroll"},"image":{"@id":"https:\/\/www.helvetic-payroll.ch\/fr\/#\/schema\/logo\/image\/"},"sameAs":["https:\/\/www.facebook.com\/HelveticPayroll","https:\/\/x.com\/HelveticPayroll"]}]}},"_links":{"self":[{"href":"https:\/\/www.helvetic-payroll.ch\/fr\/wp-json\/wp\/v2\/pages\/3","targetHints":{"allow":["GET"]}}],"collection":[{"href":"https:\/\/www.helvetic-payroll.ch\/fr\/wp-json\/wp\/v2\/pages"}],"about":[{"href":"https:\/\/www.helvetic-payroll.ch\/fr\/wp-json\/wp\/v2\/types\/page"}],"author":[{"embeddable":true,"href":"https:\/\/www.helvetic-payroll.ch\/fr\/wp-json\/wp\/v2\/users\/16"}],"replies":[{"embeddable":true,"href":"https:\/\/www.helvetic-payroll.ch\/fr\/wp-json\/wp\/v2\/comments?post=3"}],"version-history":[{"count":0,"href":"https:\/\/www.helvetic-payroll.ch\/fr\/wp-json\/wp\/v2\/pages\/3\/revisions"}],"wp:attachment":[{"href":"https:\/\/www.helvetic-payroll.ch\/fr\/wp-json\/wp\/v2\/media?parent=3"}],"curies":[{"name":"wp","href":"https:\/\/api.w.org\/{rel}","templated":true}]}}