{"id":5,"date":"2021-04-09T15:00:48","date_gmt":"2021-04-09T13:00:48","guid":{"rendered":"https:\/\/www.helvetic-payroll.ch\/?page_id=5"},"modified":"2025-04-03T17:16:01","modified_gmt":"2025-04-03T15:16:01","slug":"mentions-legales","status":"publish","type":"page","link":"https:\/\/www.helvetic-payroll.ch\/fr\/mentions-legales\/","title":{"rendered":"Mentions L\u00e9gales"},"content":{"rendered":"\n<p>Le site Internet www.helvetic-payroll.ch est la plate-forme d\u2019informations d\u00e9di\u00e9e au payrolling en Suisse.<br>Le contenu de cette plate-forme est g\u00e9r\u00e9 par Helvetic Payroll.<\/p>\n\n\n\n<p>Helvetic Payroll<br>Rue de la R\u00f4tisserie 2<br>CH-1204 Geneva<\/p>\n\n\n\n<p>Tel: +41 (0)22 732 19 43<\/p>\n\n\n\n<p>Homepage: www.helvetic-payroll.ch<br>E-mail:&nbsp;<span \n                data-original-string='pYrgimxExNQi08sBgi1XUw==4f4Cbmf6qrkxKxY1ZuqOWrz5OyEU49GOsJtBtnzWSli4Po='\n                class='apbct-email-encoder'\n                title='This contact has been encoded by Anti-Spam by CleanTalk. Click to decode. To finish the decoding make sure that JavaScript is enabled in your browser.'>co<span class=\"apbct-blur\">*****<\/span>@<span class=\"apbct-blur\">**************<\/span>ll.ch<\/span><br>Webmaster: <span \n                data-original-string='Qmw31U+XQqlVLBKQ3+u4Gw==4f4L9tzJu0VaOBQBx6FbRTLEqaQjmZ4XgRFWLkIY6xhaWM='\n                class='apbct-email-encoder'\n                title='This contact has been encoded by Anti-Spam by CleanTalk. Click to decode. To finish the decoding make sure that JavaScript is enabled in your browser.'>su<span class=\"apbct-blur\">*****<\/span>@<span class=\"apbct-blur\">**************<\/span>ll.ch<\/span><\/p>\n\n\n\n<h2 class=\"wp-block-heading\"><strong>Droits d&rsquo;auteur<\/strong><\/h2>\n\n\n\n<p>Vous pouvez t\u00e9l\u00e9charger le contenu affich\u00e9 sur ce site web uniquement pour une utilisation non commerciale et personnelle et \u00e0 condition de respecter et de conserver intactes toutes les mentions de droits d\u2019auteur, de marques commerciales et autres droits de propri\u00e9t\u00e9. Vous ne pouvez pas copier, reproduire, republier, charger, afficher, transmettre ou distribuer, de quelle mani\u00e8re que ce soit, le contenu de ce site web, y compris les textes, images, audio et vid\u00e9o, pour un usage public ou commercial ou des communications, sans autorisation pr\u00e9alable et \u00e9crite d\u2019Helvetic Payroll.<\/p>\n\n\n\n<h2 class=\"wp-block-heading\"><strong>Marques commerciales<\/strong><\/h2>\n\n\n\n<p>Les marques et logos affich\u00e9s sur ce site web sont la propri\u00e9t\u00e9 intellectuelle d\u2019Helvetic Payroll ou de ses soci\u00e9t\u00e9s affili\u00e9es. Aucune information contenue sur le site ne peut \u00eatre interpr\u00e9t\u00e9e comme accordant, implicitement ou autrement, toute licence ou droit d\u2019utiliser l\u2019une des propri\u00e9t\u00e9s intellectuelles affich\u00e9es sur ce site sans l\u2019autorisation \u00e9crite pr\u00e9alable d\u2019Helvetic Payroll.<\/p>\n\n\n\n<h2 class=\"wp-block-heading\"><strong>Communication<\/strong><\/h2>\n\n\n\n<p>Tout commentaire ou mat\u00e9riel envoy\u00e9 \u00e0 ce site web ou autrement \u00e0 Helvetic Payroll ou ses soci\u00e9t\u00e9s affili\u00e9es concernant ce site sera trait\u00e9 comme non confidentiel et pourra \u00eatre utilis\u00e9 sans limitation, ni paiement par Helvetic Payroll et ses soci\u00e9t\u00e9s affili\u00e9es et sera consid\u00e9r\u00e9 comme sa propri\u00e9t\u00e9 \u00e0 la r\u00e9ception (reportez-vous \u00e0 la charte de confidentialit\u00e9).<\/p>\n\n\n\n<h2 class=\"wp-block-heading\"><strong>Clause de non responsabilit\u00e9<\/strong><\/h2>\n\n\n\n<p>Tout commentaire ou mat\u00e9riel envoy\u00e9 \u00e0 ce site web ou autrement \u00e0 Helvetic Payroll ou ses soci\u00e9t\u00e9s affili\u00e9es concernant ce site sera trait\u00e9 comme non confidentiel et pourra \u00eatre utilis\u00e9 sans limitation, ni paiement par Helvetic Payroll et ses soci\u00e9t\u00e9s affili\u00e9es et sera consid\u00e9r\u00e9 comme sa propri\u00e9t\u00e9 \u00e0 la r\u00e9ception (reportez-vous \u00e0 la charte de confidentialit\u00e9).<\/p>\n\n\n\n<h2 class=\"wp-block-heading\"><strong>Helvetic Payroll<\/strong><\/h2>\n\n\n\n<p>D\u00e9clare n\u2019avoir aucun contr\u00f4le, relation avec et ne fournit aucune approbation des sites vers lesquels ce site web est associ\u00e9. Les informations de ce site web sont fournies en l\u2019\u00e9tat actuel et en fonction de leur disponibilit\u00e9, sans aucune garantie ou repr\u00e9sentation, expresse ou implicite. Ni Helvetic Payroll, ni ses soci\u00e9t\u00e9s affili\u00e9es ne sauraient \u00eatre tenues responsables pour toute perte ou dommage direct, indirect, accessoire ou cons\u00e9cutif, r\u00e9sultant de l\u2019acc\u00e8s, l\u2019utilisation ou le recours \u00e0 tout contenu de ce site web ou des sites auxquels ce dernier est associ\u00e9, que ce contenu soit exact ou complet ou non. En outre, ni Helvetic Payroll, ni ses soci\u00e9t\u00e9s affili\u00e9es, ne seront tenus de payer tout dommage, que ce soit pour perte ou blessure, sanction ou autre r\u00e9sultant d\u2019un tel acc\u00e8s, utilisation ou recours \u00e0 tout contenu de ce site web ou des sites auxquels ce dernier est associ\u00e9. Cette clause de non responsabilit\u00e9 et le contenu de ce site web seront r\u00e9gis exclusivement par le droit belge, sans \u00e9gard aux r\u00e8gles de conflit de lois. Tout litige d\u00e9coulant de ou en relation avec cette clause de non responsabilit\u00e9 et la charte de confidentialit\u00e9 doit, si elle ne peut \u00eatre r\u00e9solue \u00e0 l\u2019amiable, \u00eatre d\u00e9cid\u00e9e uniquement par les juridictions comp\u00e9tentes de Gen\u00e8ve, en Suisse.<\/p>\n\n\n\n<h2 class=\"wp-block-heading\"><strong>Politique de confidentialit\u00e9<\/strong><\/h2>\n\n\n\n<p>Pour consulter notre politique de confidentialit\u00e9, veuillez cliquer sur <a href=\"https:\/\/www.helvetic-payroll.ch\/fr\/politique-de-confidentialite\">ce lien<\/a>. <\/p>\n\n\n\n<p><\/p>\n","protected":false},"excerpt":{"rendered":"<p>Le site Internet www.helvetic-payroll.ch est la plate-forme d\u2019informations d\u00e9di\u00e9e au payrolling en Suisse.Le contenu de cette plate-forme est g\u00e9r\u00e9 par Helvetic Payroll. Helvetic PayrollRue de la R\u00f4tisserie 2CH-1204 Geneva Tel: +41 (0)22 732 19 43 Homepage: www.helvetic-payroll.chE-mail:&nbsp;co*****@**************ll.chWebmaster: su*****@**************ll.ch Droits d&rsquo;auteur Vous pouvez t\u00e9l\u00e9charger le contenu affich\u00e9 sur ce site web uniquement pour une utilisation non [&hellip;]<\/p>\n","protected":false},"author":16,"featured_media":0,"parent":0,"menu_order":0,"comment_status":"closed","ping_status":"closed","template":"","meta":{"inline_featured_image":false,"footnotes":""},"class_list":["post-5","page","type-page","status-publish","hentry"],"acf":[],"yoast_head":"<!-- This site is optimized with the Yoast SEO plugin v27.5 - https:\/\/yoast.com\/product\/yoast-seo-wordpress\/ -->\n<title>Mentions L\u00e9gales - Helvetic Payroll<\/title>\n<meta name=\"description\" content=\"Payroll : le d\u00e9veloppement de vos activit\u00e9s en Suisse par l&#039;emploi de talents et la sous-traitance de prestataires - Mentions l\u00e9gales\" \/>\n<meta name=\"robots\" content=\"index, follow, max-snippet:-1, max-image-preview:large, max-video-preview:-1\" \/>\n<link rel=\"canonical\" href=\"https:\/\/www.helvetic-payroll.ch\/fr\/mentions-legales\/\" \/>\n<meta property=\"og:locale\" content=\"fr_FR\" \/>\n<meta property=\"og:type\" content=\"article\" \/>\n<meta property=\"og:title\" content=\"Mentions L\u00e9gales - Helvetic Payroll\" \/>\n<meta property=\"og:description\" content=\"Payroll : le d\u00e9veloppement de vos activit\u00e9s en Suisse par l&#039;emploi de talents et la sous-traitance de prestataires - Mentions l\u00e9gales\" \/>\n<meta property=\"og:url\" content=\"https:\/\/www.helvetic-payroll.ch\/fr\/mentions-legales\/\" \/>\n<meta property=\"og:site_name\" content=\"Helvetic Payroll\" \/>\n<meta property=\"article:publisher\" content=\"https:\/\/www.facebook.com\/HelveticPayroll\" \/>\n<meta property=\"article:modified_time\" content=\"2025-04-03T15:16:01+00:00\" \/>\n<meta name=\"twitter:card\" content=\"summary_large_image\" \/>\n<meta name=\"twitter:site\" content=\"@HelveticPayroll\" \/>\n<meta name=\"twitter:label1\" content=\"Dur\u00e9e de lecture estim\u00e9e\" \/>\n\t<meta name=\"twitter:data1\" content=\"3 minutes\" \/>\n<script type=\"application\/ld+json\" class=\"yoast-schema-graph\">{\"@context\":\"https:\\\/\\\/schema.org\",\"@graph\":[{\"@type\":\"WebPage\",\"@id\":\"https:\\\/\\\/www.helvetic-payroll.ch\\\/fr\\\/mentions-legales\\\/\",\"url\":\"https:\\\/\\\/www.helvetic-payroll.ch\\\/fr\\\/mentions-legales\\\/\",\"name\":\"Mentions L\u00e9gales - Helvetic Payroll\",\"isPartOf\":{\"@id\":\"https:\\\/\\\/www.helvetic-payroll.ch\\\/fr\\\/#website\"},\"datePublished\":\"2021-04-09T13:00:48+00:00\",\"dateModified\":\"2025-04-03T15:16:01+00:00\",\"description\":\"Payroll : le d\u00e9veloppement de vos activit\u00e9s en Suisse par l'emploi de talents et la sous-traitance de prestataires - Mentions l\u00e9gales\",\"inLanguage\":\"fr-FR\",\"potentialAction\":[{\"@type\":\"ReadAction\",\"target\":[\"https:\\\/\\\/www.helvetic-payroll.ch\\\/fr\\\/mentions-legales\\\/\"]}]},{\"@type\":\"WebSite\",\"@id\":\"https:\\\/\\\/www.helvetic-payroll.ch\\\/fr\\\/#website\",\"url\":\"https:\\\/\\\/www.helvetic-payroll.ch\\\/fr\\\/\",\"name\":\"Helvetic Payroll\",\"description\":\"\",\"publisher\":{\"@id\":\"https:\\\/\\\/www.helvetic-payroll.ch\\\/fr\\\/#organization\"},\"potentialAction\":[{\"@type\":\"SearchAction\",\"target\":{\"@type\":\"EntryPoint\",\"urlTemplate\":\"https:\\\/\\\/www.helvetic-payroll.ch\\\/fr\\\/?s={search_term_string}\"},\"query-input\":{\"@type\":\"PropertyValueSpecification\",\"valueRequired\":true,\"valueName\":\"search_term_string\"}}],\"inLanguage\":\"fr-FR\"},{\"@type\":\"Organization\",\"@id\":\"https:\\\/\\\/www.helvetic-payroll.ch\\\/fr\\\/#organization\",\"name\":\"Helvetic Payroll\",\"url\":\"https:\\\/\\\/www.helvetic-payroll.ch\\\/fr\\\/\",\"logo\":{\"@type\":\"ImageObject\",\"inLanguage\":\"fr-FR\",\"@id\":\"https:\\\/\\\/www.helvetic-payroll.ch\\\/fr\\\/#\\\/schema\\\/logo\\\/image\\\/\",\"url\":\"https:\\\/\\\/www.helvetic-payroll.ch\\\/wp-content\\\/uploads\\\/2025\\\/07\\\/HP-Logo-couleur-scaled.png\",\"contentUrl\":\"https:\\\/\\\/www.helvetic-payroll.ch\\\/wp-content\\\/uploads\\\/2025\\\/07\\\/HP-Logo-couleur-scaled.png\",\"width\":2560,\"height\":1204,\"caption\":\"Helvetic Payroll\"},\"image\":{\"@id\":\"https:\\\/\\\/www.helvetic-payroll.ch\\\/fr\\\/#\\\/schema\\\/logo\\\/image\\\/\"},\"sameAs\":[\"https:\\\/\\\/www.facebook.com\\\/HelveticPayroll\",\"https:\\\/\\\/x.com\\\/HelveticPayroll\"]}]}<\/script>\n<!-- \/ Yoast SEO plugin. -->","yoast_head_json":{"title":"Mentions L\u00e9gales - Helvetic Payroll","description":"Payroll : le d\u00e9veloppement de vos activit\u00e9s en Suisse par l'emploi de talents et la sous-traitance de prestataires - Mentions l\u00e9gales","robots":{"index":"index","follow":"follow","max-snippet":"max-snippet:-1","max-image-preview":"max-image-preview:large","max-video-preview":"max-video-preview:-1"},"canonical":"https:\/\/www.helvetic-payroll.ch\/fr\/mentions-legales\/","og_locale":"fr_FR","og_type":"article","og_title":"Mentions L\u00e9gales - Helvetic Payroll","og_description":"Payroll : le d\u00e9veloppement de vos activit\u00e9s en Suisse par l'emploi de talents et la sous-traitance de prestataires - Mentions l\u00e9gales","og_url":"https:\/\/www.helvetic-payroll.ch\/fr\/mentions-legales\/","og_site_name":"Helvetic Payroll","article_publisher":"https:\/\/www.facebook.com\/HelveticPayroll","article_modified_time":"2025-04-03T15:16:01+00:00","twitter_card":"summary_large_image","twitter_site":"@HelveticPayroll","twitter_misc":{"Dur\u00e9e de lecture estim\u00e9e":"3 minutes"},"schema":{"@context":"https:\/\/schema.org","@graph":[{"@type":"WebPage","@id":"https:\/\/www.helvetic-payroll.ch\/fr\/mentions-legales\/","url":"https:\/\/www.helvetic-payroll.ch\/fr\/mentions-legales\/","name":"Mentions L\u00e9gales - Helvetic Payroll","isPartOf":{"@id":"https:\/\/www.helvetic-payroll.ch\/fr\/#website"},"datePublished":"2021-04-09T13:00:48+00:00","dateModified":"2025-04-03T15:16:01+00:00","description":"Payroll : le d\u00e9veloppement de vos activit\u00e9s en Suisse par l'emploi de talents et la sous-traitance de prestataires - Mentions l\u00e9gales","inLanguage":"fr-FR","potentialAction":[{"@type":"ReadAction","target":["https:\/\/www.helvetic-payroll.ch\/fr\/mentions-legales\/"]}]},{"@type":"WebSite","@id":"https:\/\/www.helvetic-payroll.ch\/fr\/#website","url":"https:\/\/www.helvetic-payroll.ch\/fr\/","name":"Helvetic Payroll","description":"","publisher":{"@id":"https:\/\/www.helvetic-payroll.ch\/fr\/#organization"},"potentialAction":[{"@type":"SearchAction","target":{"@type":"EntryPoint","urlTemplate":"https:\/\/www.helvetic-payroll.ch\/fr\/?s={search_term_string}"},"query-input":{"@type":"PropertyValueSpecification","valueRequired":true,"valueName":"search_term_string"}}],"inLanguage":"fr-FR"},{"@type":"Organization","@id":"https:\/\/www.helvetic-payroll.ch\/fr\/#organization","name":"Helvetic Payroll","url":"https:\/\/www.helvetic-payroll.ch\/fr\/","logo":{"@type":"ImageObject","inLanguage":"fr-FR","@id":"https:\/\/www.helvetic-payroll.ch\/fr\/#\/schema\/logo\/image\/","url":"https:\/\/www.helvetic-payroll.ch\/wp-content\/uploads\/2025\/07\/HP-Logo-couleur-scaled.png","contentUrl":"https:\/\/www.helvetic-payroll.ch\/wp-content\/uploads\/2025\/07\/HP-Logo-couleur-scaled.png","width":2560,"height":1204,"caption":"Helvetic Payroll"},"image":{"@id":"https:\/\/www.helvetic-payroll.ch\/fr\/#\/schema\/logo\/image\/"},"sameAs":["https:\/\/www.facebook.com\/HelveticPayroll","https:\/\/x.com\/HelveticPayroll"]}]}},"_links":{"self":[{"href":"https:\/\/www.helvetic-payroll.ch\/fr\/wp-json\/wp\/v2\/pages\/5","targetHints":{"allow":["GET"]}}],"collection":[{"href":"https:\/\/www.helvetic-payroll.ch\/fr\/wp-json\/wp\/v2\/pages"}],"about":[{"href":"https:\/\/www.helvetic-payroll.ch\/fr\/wp-json\/wp\/v2\/types\/page"}],"author":[{"embeddable":true,"href":"https:\/\/www.helvetic-payroll.ch\/fr\/wp-json\/wp\/v2\/users\/16"}],"replies":[{"embeddable":true,"href":"https:\/\/www.helvetic-payroll.ch\/fr\/wp-json\/wp\/v2\/comments?post=5"}],"version-history":[{"count":0,"href":"https:\/\/www.helvetic-payroll.ch\/fr\/wp-json\/wp\/v2\/pages\/5\/revisions"}],"wp:attachment":[{"href":"https:\/\/www.helvetic-payroll.ch\/fr\/wp-json\/wp\/v2\/media?parent=5"}],"curies":[{"name":"wp","href":"https:\/\/api.w.org\/{rel}","templated":true}]}}